{"id":7026,"date":"2022-03-30T11:40:19","date_gmt":"2022-03-30T09:40:19","guid":{"rendered":"https:\/\/dieter-jenz.de\/lc\/?page_id=7026"},"modified":"2025-03-11T14:45:14","modified_gmt":"2025-03-11T13:45:14","slug":"was-geschieht-mit-mir-wenn-ich-sterbe","status":"publish","type":"page","link":"https:\/\/dieter-jenz.de\/lc\/was-geschieht-mit-mir-wenn-ich-sterbe\/","title":{"rendered":"Was geschieht mit mir, wenn ich sterbe? Eine existenzielle Frage?"},"content":{"rendered":"<div class=\"yoast-breadcrumbs\"><span><span><a href=\"https:\/\/dieter-jenz.de\/lc\/\">Home<\/a><\/span> \u00bb <span class=\"breadcrumb_last\" aria-current=\"page\"><strong>Was geschieht mit mir, wenn ich sterbe? Eine existenzielle Frage?<\/strong><\/span><\/span><\/div>\n\n\n<div style=\"height:40px\" aria-hidden=\"true\" class=\"wp-block-spacer\"><\/div>\n\n\n\n<p>Was geschieht mit mir, wenn ich sterbe?, Geht es weiter, wenn ich sterbe? &#8211; und wenn ja, wie?, Was erwartet mich? Um diese und \u00e4hnliche Fragen drehen sich eine Reihe von Beitr\u00e4gen. Ich m\u00f6chte belastbare Antworten finden.<\/p>\n\n\n\n<p>Um strukturiert arbeiten zu k\u00f6nnen, habe ich zun\u00e4chst eine grobe Gliederung ausgearbeitet. Da in diesem laufenden Projekt st\u00e4ndig neue Aspekte hinzukommen, wird sich die folgende Gliederung immer wieder \u00e4ndern.<\/p>\n\n\n\n<h2 class=\"wp-block-heading\">Gliederung<\/h2>\n\n\n\n<h3 class=\"wp-block-heading\">Teil 1: Beobachtungen, Wahrnehmungen, Erfahrungen, Erkenntnisse<\/h3>\n\n\n\n<h4 class=\"wp-block-heading\">Diskursuniversum, Vorgehensweise und Methodik<\/h4>\n\n\n\n<p><a href=\"https:\/\/dieter-jenz.de\/lc\/diskursuniversum-was-kommt-nach-dem-tod\/\" target=\"_blank\" rel=\"noreferrer noopener\">Das Diskursuniversum<\/a><\/p>\n\n\n\n<p><a href=\"https:\/\/dieter-jenz.de\/lc\/vorgehensweise-und-methodik\/\" target=\"_blank\" rel=\"noreferrer noopener\">Vorgehensweise und Methodik<\/a><\/p>\n\n\n\n<h4 class=\"wp-block-heading\">Betrachtungskontext<\/h4>\n\n\n\n<p><a href=\"https:\/\/dieter-jenz.de\/lc\/relevante-fakten-zur-welt-und-menschheitsgeschichte\/\" target=\"_blank\" rel=\"noreferrer noopener\">Relevante Fakten zur Welt- und Menschheitsgeschichte<\/a><\/p>\n\n\n\n<p><a href=\"https:\/\/dieter-jenz.de\/lc\/seit-wann-weiss-der-mensch-vom-weiterleben-nach-dem-tod\/\" target=\"_blank\" rel=\"noreferrer noopener\">Weiterleben nach dem Tod &#8211; <\/a><a href=\"https:\/\/dieter-jenz.de\/lc\/seit-wann-weiss-der-mensch-vom-weiterleben-nach-dem-tod\/\" target=\"_blank\" rel=\"noreferrer noopener\">Seit wann wei\u00df der Mensch davon<\/a>?<\/p>\n\n\n\n<h4 class=\"wp-block-heading\">Konzepte<\/h4>\n\n\n\n<h4 class=\"wp-block-heading\">Pr\u00e4natale Entwicklung und Ankunft<\/h4>\n\n\n\n<p><a href=\"https:\/\/dieter-jenz.de\/lc\/wann-entsteht-das-individuelle-selbst\/\" target=\"_blank\" rel=\"noreferrer noopener\">Wann entsteht das individuelle Selbst?<\/a><\/p>\n\n\n\n<p><a href=\"https:\/\/dieter-jenz.de\/lc\/wodurch-wird-das-individuelle-selbst-des-ungeborenen-beeinflusst\/\" target=\"_blank\" rel=\"noreferrer noopener\">Wodurch wird das individuelle Selbst des Ungeborenen beeinflusst?<\/a><\/p>\n\n\n\n<h4 class=\"wp-block-heading\">Postnatale Entwicklung<\/h4>\n\n\n\n<p><a href=\"https:\/\/dieter-jenz.de\/lc\/transgenerationale-epigenetische-vererbung\/\" target=\"_blank\" rel=\"noreferrer noopener\">Transgenerationale epigenetische Vererbung<\/a><\/p>\n\n\n\n<p><a href=\"https:\/\/dieter-jenz.de\/lc\/markante-aspekte-physiologischer-entwicklungen\/\" target=\"_blank\" rel=\"noreferrer noopener\">Markante Aspekte physiologischer Entwicklungen<\/a><\/p>\n\n\n\n<p><a href=\"https:\/\/dieter-jenz.de\/lc\/markante-aspekte-psychischer-entwicklungen\/\" target=\"_blank\" rel=\"noreferrer noopener\">Markante Aspekte psychischer Entwicklungen<\/a><\/p>\n\n\n\n<p><a href=\"https:\/\/dieter-jenz.de\/lc\/das-gewissen-angeboren-oder-anerzogen\/\" target=\"_blank\" rel=\"noreferrer noopener\">Das Gewissen \u2013 angeboren oder anerzogen?<\/a><\/p>\n\n\n\n<p><a href=\"https:\/\/dieter-jenz.de\/lc\/funktionsstoerungen-im-gehirn-was-geht-verloren\/\" target=\"_blank\" rel=\"noreferrer noopener\">Funktionsst\u00f6rungen im Gehirn \u2013 was geht verloren?<\/a><\/p>\n\n\n\n<h4 class=\"wp-block-heading\">Abschied<\/h4>\n\n\n\n<p><a href=\"https:\/\/dieter-jenz.de\/lc\/terminale-geistesklarheit-was-verbirgt-sich-dahinter\/\" target=\"_blank\" rel=\"noreferrer noopener\">Terminale Geistesklarheit \u2013 Was verbirgt sich dahinter?<\/a><\/p>\n\n\n\n<p><a href=\"https:\/\/dieter-jenz.de\/lc\/was-geschieht-beim-sterben-eine-lebensbewegende-frage\/\" target=\"_blank\" rel=\"noreferrer noopener\">Was geschieht beim Sterben?<\/a><\/p>\n\n\n\n<p><a href=\"https:\/\/dieter-jenz.de\/lc\/loest-sich-die-seele-vom-physischen-koerper\/\" target=\"_blank\" rel=\"noreferrer noopener\">L\u00f6st sich die Seele im Augenblick des Todes vom physischen K\u00f6rper?<\/a><\/p>\n\n\n\n<p><a href=\"https:\/\/dieter-jenz.de\/lc\/raetselhafte-phaenomene-um-den-todeszeitpunkt\/\" target=\"_blank\" rel=\"noreferrer noopener\">R\u00e4tselhafte Ph\u00e4nomene um den Todeszeitpunkt<\/a><\/p>\n\n\n\n<p><a href=\"https:\/\/dieter-jenz.de\/lc\/wohin-bewegt-sich-die-seele-beim-sterben\/\" target=\"_blank\" rel=\"noreferrer noopener\">Wohin bewegt sich die Seele beim Sterben? Kann sie \u00fcberleben?<\/a><\/p>\n\n\n\n<h4 class=\"wp-block-heading\">Extrauniversale Existenz<\/h4>\n\n\n\n<p><em>Ausschlie\u00dflich im Buch<\/em>.<\/p>\n\n\n\n<h4 class=\"wp-block-heading\">Ph\u00e4nomene im Grenzbereich<\/h4>\n\n\n\n<p><a href=\"https:\/\/dieter-jenz.de\/lc\/grenzueberschreitende-erfahrungen\/\" target=\"_blank\" rel=\"noreferrer noopener\">Grenz\u00fcberschreitende Erfahrungen \u2013 was ist m\u00f6glich?<\/a><\/p>\n\n\n\n<h4 class=\"wp-block-heading\">Transzendenzerfahrungen<\/h4>\n\n\n\n<p><a href=\"https:\/\/dieter-jenz.de\/lc\/taxonomie-der-transzendenzerfahrungen\/\" target=\"_blank\" rel=\"noreferrer noopener\">Taxonomie der Transzendenzerfahrungen<\/a><\/p>\n\n\n\n<h4 class=\"wp-block-heading\">Nahtoderfahrungen<\/h4>\n\n\n\n<p><a href=\"https:\/\/dieter-jenz.de\/lc\/was-sind-nahtoderfahrungenwie-werden-sie-erlebt\/\" target=\"_blank\" rel=\"noreferrer noopener\">Was sind Nahtoderfahrungen? Wie werden sie erlebt?<\/a><\/p>\n\n\n\n<p><a href=\"https:\/\/dieter-jenz.de\/lc\/was-zaehlt-als-nahtoderfahrung\/\" target=\"_blank\" rel=\"noreferrer noopener\">Was z\u00e4hlt als Nahtoderfahrung?<\/a> <\/p>\n\n\n\n<p><a href=\"https:\/\/dieter-jenz.de\/lc\/berichte-individueller-nahtoderfahrungen\/\" target=\"_blank\" rel=\"noreferrer noopener\">Berichte individueller Nahtoderfahrungen<\/a><\/p>\n\n\n\n<p><a href=\"https:\/\/dieter-jenz.de\/lc\/wie-erleben-kinder-eine-nahtoderfahrung\/\">Wie erleben Kinder eine Nahtoderfahrung?<\/a><\/p>\n\n\n\n<h4 class=\"wp-block-heading\">Sterbebettvisionen<\/h4>\n\n\n\n<p><a href=\"https:\/\/dieter-jenz.de\/lc\/was-sind-sterbevisionen-und-wie-werden-sie-erlebt\/\" target=\"_blank\" rel=\"noreferrer noopener\">Was sind Sterbebettvisionen und wie werden sie erlebt?<\/a><\/p>\n\n\n\n<p><a href=\"https:\/\/dieter-jenz.de\/lc\/berichte-individueller-sterbebettvisionen\/\" target=\"_blank\" rel=\"noreferrer noopener\">Berichte individueller Sterbebettvisionen<\/a><\/p>\n\n\n\n<p><a href=\"https:\/\/dieter-jenz.de\/lc\/wie-erleben-kinder-eine-sterbebettvision\/\" target=\"_blank\" rel=\"noreferrer noopener\">Wie erleben Kinder eine Sterbebettvision?<\/a><\/p>\n\n\n\n<h4 class=\"wp-block-heading\">Nachtodkontakte<\/h4>\n\n\n\n<p><a href=\"https:\/\/dieter-jenz.de\/lc\/koennen-verstorbene-wieder-erscheinen\/\" target=\"_blank\" rel=\"noreferrer noopener\">K\u00f6nnen Verstorbene wieder erscheinen?<\/a><\/p>\n\n\n\n<p><a href=\"https:\/\/dieter-jenz.de\/lc\/berichte-individueller-nachtodkontakte-wie-werden-sie-erlebt\/\" target=\"_blank\" rel=\"noreferrer noopener\">Berichte individueller Nachtodkontakte<\/a><\/p>\n\n\n\n<h4 class=\"wp-block-heading\">Geistwesenkontakte<\/h4>\n\n\n\n<p><a href=\"https:\/\/dieter-jenz.de\/lc\/koennen-sich-geistwesen-materialisieren\/\" target=\"_blank\" rel=\"noreferrer noopener\">K\u00f6nnen sich Geistwesen materialisieren?<\/a><\/p>\n\n\n\n<p><a href=\"https:\/\/dieter-jenz.de\/lc\/berichte-individueller-geistwesenkontakte\/\" target=\"_blank\" rel=\"noreferrer noopener\">Berichte individueller Geistwesenkontakte<\/a><\/p>\n\n\n\n<h4 class=\"wp-block-heading\">Transzendenzerfahrungen im \u00dcberblick<\/h4>\n\n\n\n<p><a href=\"https:\/\/dieter-jenz.de\/lc\/transzendenzerfahrungen-ein-vergleichender-ueberblick\/\" target=\"_blank\" rel=\"noreferrer noopener\">Transzendenzerfahrungen \u2013 ein vergleichender \u00dcberblick<\/a><\/p>\n\n\n\n<h4 class=\"wp-block-heading\">Kommunikationserfahrungen<\/h4>\n\n\n\n<p><a href=\"https:\/\/dieter-jenz.de\/lc\/taxonomie-der-kommunikationserfahrungen\/\" target=\"_blank\" rel=\"noreferrer noopener\">Taxonomie der Kommunikationserfahrungen<\/a><\/p>\n\n\n\n<p><a href=\"https:\/\/dieter-jenz.de\/lc\/stimmenhoeren-was-steckt-hinter-diesem-phaenomen\/\">Stimmenh\u00f6ren \u2013 was steckt hinter diesem Ph\u00e4nomen?<\/a><\/p>\n\n\n\n<p><a href=\"https:\/\/dieter-jenz.de\/lc\/visuelle-kommunikation-was-verbirgt-sich-dahinter\/\" target=\"_blank\" rel=\"noreferrer noopener\">Visuelle Kommunikation \u2013 was verbirgt sich dahinter?<\/a><\/p>\n\n\n\n<p><a href=\"https:\/\/dieter-jenz.de\/lc\/auditive-kommunikation-was-verbirgt-sich-dahinter\/\">Auditive Kommunikation \u2013 was verbirgt sich dahinter?<\/a><\/p>\n\n\n\n<p><a href=\"https:\/\/dieter-jenz.de\/lc\/olfaktorische-kommunikation-was-verbirgt-sich-dahinter\/\" target=\"_blank\" rel=\"noreferrer noopener\">Olfaktorische Kommunikation \u2013 was verbirgt sich dahinter?<\/a><\/p>\n\n\n\n<p><a href=\"https:\/\/dieter-jenz.de\/lc\/taktile-kommunikation-was-verbirgt-sich-dahinter\/\" target=\"_blank\" rel=\"noreferrer noopener\">Taktile Kommunikation \u2013 was verbirgt sich dahinter?<\/a><\/p>\n\n\n\n<p><a href=\"https:\/\/dieter-jenz.de\/lc\/kinetische-kommunikation-was-verbirgt-sich-dahinter\/\" target=\"_blank\" rel=\"noreferrer noopener\">Kinetische Kommunikation \u2013 was verbirgt sich dahinter?<\/a><\/p>\n\n\n\n<p><a href=\"https:\/\/dieter-jenz.de\/lc\/telepathische-kommunikation-was-verbirgt-sich-dahinter\/\" target=\"_blank\" rel=\"noreferrer noopener\">Telepathische Kommunikation \u2013 was verbirgt sich dahinter?<\/a><\/p>\n\n\n\n<p><a href=\"https:\/\/dieter-jenz.de\/lc\/die-innere-stimme-nur-eine-intuition-oder-mehr\/\">Die innere Stimme \u2013 nur eine Intuition oder mehr?<\/a><\/p>\n\n\n\n<p><a href=\"https:\/\/dieter-jenz.de\/lc\/der-innere-film-traum-oder-wachzustand\/\">Der innere Film &#8211; Traum- oder Wachzustand?<\/a><\/p>\n\n\n\n<p><a href=\"https:\/\/dieter-jenz.de\/lc\/intensive-gewissheit-aus-dem-nichts\/\">Intensive Gewissheit \u2013 aus dem Nichts?<\/a><\/p>\n\n\n\n<h4 class=\"wp-block-heading\">Kommunikation mit extrauniversalen Wesen<\/h4>\n\n\n\n<p><a href=\"https:\/\/dieter-jenz.de\/lc\/kommunikation-mit-gott-sind-gebete-wirksam\/\">Kommunikation mit Gott \u2013 Sind Gebete wirksam?<\/a><\/p>\n\n\n\n<p><a href=\"https:\/\/dieter-jenz.de\/lc\/kommunikation-mit-verstorbenen-ist-sie-moeglich\/\">Kommunikation mit Verstorbenen \u2013 Ist sie m\u00f6glich?<\/a><\/p>\n\n\n\n<h4 class=\"wp-block-heading\">Ultimative Verwobenheit<\/h4>\n\n\n\n<p><a href=\"https:\/\/dieter-jenz.de\/lc\/ultimative-verwobenheit-wie-zeigt-sie-sich\/\">Ultimative Verwobenheit &#8211; wie zeigt sie sich?<\/a><\/p>\n\n\n\n<p><a href=\"https:\/\/dieter-jenz.de\/lc\/haben-tiere-einen-siebten-sinn\/\">Haben Tiere einen siebten Sinn? \u2013 Wahrnehmungen von Tieren<\/a><\/p>\n\n\n\n<p><a href=\"https:\/\/dieter-jenz.de\/lc\/reinkarnationserfahrungen-sind-sie-moeglich\/\">Reinkarnationserfahrungen \u2013 Sind sie m\u00f6glich?<\/a><\/p>\n\n\n\n<h3 class=\"wp-block-heading\">Teil 2: Queranalyse, Folgerungen, Gesamtschau<\/h3>\n\n\n\n<h4 class=\"wp-block-heading\">Anfang des Universums und des Lebens &#8211; Plausibilit\u00e4tspr\u00fcfungen<\/h4>\n\n\n\n<p><a href=\"https:\/\/dieter-jenz.de\/lc\/schoepfung-plausibel-oder-nicht\/\">Sch\u00f6pfung &#8211; plausibel oder nicht?<\/a><\/p>\n\n\n\n<p><a href=\"https:\/\/dieter-jenz.de\/lc\/sintflut-plausibel-oder-nicht\/\">Sintflut &#8211; plausibel oder nicht?<\/a><\/p>\n\n\n\n<p><a href=\"https:\/\/dieter-jenz.de\/lc\/polytheismus-kontra-offenbarung\/\">Polytheismus kontra Offenbarung<\/a><\/p>\n\n\n\n<p><a href=\"https:\/\/dieter-jenz.de\/lc\/widersprueche-loesungsansaetze-und-konsequenzen\/\">Widerspr\u00fcche, L\u00f6sungsans\u00e4tze und Konsequenzen<\/a><\/p>\n\n\n\n<p><a href=\"https:\/\/dieter-jenz.de\/lc\/anfang-aller-dinge-eine-persoenliche-anmerkung\/\">Anfang aller Dinge \u2013 Eine pers\u00f6nliche Anmerkung<\/a><\/p>\n\n\n\n<h4 class=\"wp-block-heading\">Wissenschaft und Offenbarungsreligionen<\/h4>\n\n\n\n<p><a href=\"https:\/\/dieter-jenz.de\/lc\/laesst-sich-die-existenz-gottes-beweisen\/\">L\u00e4sst sich die Existenz Gottes beweisen?<\/a><\/p>\n\n\n\n<p><a href=\"https:\/\/dieter-jenz.de\/lc\/offenbarungen-der-weltreligionen-ernst-nehmen-oder-nicht\/\" target=\"_blank\" rel=\"noreferrer noopener\">Offenbarungen der Weltreligionen &#8211; ernst nehmen oder nicht?<\/a><\/p>\n\n\n\n<p><a href=\"https:\/\/dieter-jenz.de\/lc\/ist-letzten-endes-alles-eine-frage-der-interpretation\/\">Ist letzten Endes alles eine Frage der Interpretation?<\/a><\/p>\n\n\n\n<p><a href=\"https:\/\/dieter-jenz.de\/lc\/naturwissenschaften-und-offenbarungsreligionen-unvereinbar-oder-komplementaer\/\" target=\"_blank\" rel=\"noreferrer noopener\">Wissenschaft und Offenbarungsreligionen &#8211; unvereinbar oder komplement\u00e4r?<\/a><\/p>\n\n\n\n<h4 class=\"wp-block-heading\">Die Realit\u00e4t aus ph\u00e4nomenologischer Sicht<\/h4>\n\n\n\n<p><a href=\"https:\/\/dieter-jenz.de\/lc\/die-frage-der-realitaet-laesst-sich-die-objektive-realitaet-erkennen\/\" target=\"_blank\" rel=\"noreferrer noopener\">Die Frage der Realit\u00e4t &#8211; l\u00e4sst sich die objektive Realit\u00e4t erkennen?<\/a><\/p>\n\n\n\n<p><a href=\"https:\/\/dieter-jenz.de\/lc\/beweis-oder-beste-plausible-erklaerung\/\">Beweis \u2013 oder beste plausible Erkl\u00e4rung?<\/a><\/p>\n\n\n\n<p><a href=\"https:\/\/dieter-jenz.de\/lc\/nahtoderfahrungen-sterbebettvisionen-nachtodkontakte-nur-halluzinationen\/\">Nahtoderfahrungen, Sterbebettvisionen, Nachtodkontakte \u2026 \u2013 nur Halluzinationen?<\/a><\/p>\n\n\n\n<p><a href=\"https:\/\/dieter-jenz.de\/lc\/reale-kontakte-oder-zugriff-auf-ein-informationsnetz\/\" target=\"_blank\" rel=\"noreferrer noopener\">Reale Kontakte oder Zugriff auf ein Informationsnetz?<\/a><\/p>\n\n\n\n<p><a href=\"https:\/\/dieter-jenz.de\/lc\/die-realitaet-diesseits-und-jenseits-sind-miteinander-verwoben\/\">Die Realit\u00e4t: Diesseits und Jenseits sind miteinander verwoben<\/a><\/p>\n\n\n\n<p><a href=\"https:\/\/dieter-jenz.de\/lc\/multiversum-oder-zusaetzliche-dimensionen\/\">Multiversum oder zus\u00e4tzliche Dimensionen?<\/a><\/p>\n\n\n\n<p><a href=\"https:\/\/dieter-jenz.de\/lc\/leben-im-jenseits-was-ist-anders-gegenueber-dem-diesseits\/\" target=\"_blank\" rel=\"noreferrer noopener\">Leben im Jenseits &#8211; was ist anders gegen\u00fcber dem Diesseits?<\/a><\/p>\n\n\n\n<p><a href=\"https:\/\/dieter-jenz.de\/lc\/koennen-geistwesen-das-leben-im-diesseits-live-mitverfolgen\/\" target=\"_blank\" rel=\"noreferrer noopener\">K\u00f6nnen Geistwesen das Leben im Diesseits live mitverfolgen?<\/a><\/p>\n\n\n\n<p><a href=\"https:\/\/dieter-jenz.de\/lc\/welche-faehigkeiten-und-kompetenzen-besitzen-geistwesen\/\" target=\"_blank\" rel=\"noreferrer noopener\">Welche F\u00e4higkeiten und Kompetenzen besitzen Geistwesen?<\/a><\/p>\n\n\n\n<p><a href=\"https:\/\/dieter-jenz.de\/lc\/interaktion-im-multiversum-wie-ist-sie-moeglich\/\">Interaktion im Multiversum \u2013 wie ist sie m\u00f6glich?<\/a><\/p>\n\n\n\n<p><a href=\"https:\/\/dieter-jenz.de\/lc\/das-erloeschungsszenario-ist-es-plausibel\/\" target=\"_blank\" rel=\"noreferrer noopener\">Das Erl\u00f6schungsszenario \u2013 ist es plausibel?<\/a><\/p>\n\n\n\n<p><a href=\"https:\/\/dieter-jenz.de\/lc\/das-evakuierungsszenario-ist-es-plausibel\/\" target=\"_blank\" rel=\"noreferrer noopener\">Das Evakuierungsszenario \u2013 ist es plausibel?<\/a><\/p>\n\n\n\n<p><a href=\"https:\/\/dieter-jenz.de\/lc\/das-losloesungsszenario-ist-es-plausibel\/\" target=\"_blank\" rel=\"noreferrer noopener\">Das Losl\u00f6sungsszenario \u2013 ist es plausibel?<\/a><\/p>\n\n\n\n<p><a href=\"https:\/\/dieter-jenz.de\/lc\/hypothese-das-individuelle-selbst-befindet-sich-nicht-im-gehirn\/\" target=\"_blank\" rel=\"noreferrer noopener\">Hypothese: Das individuelle Selbst befindet sich nicht im Gehirn<\/a> (EIS-Hypothese)<\/p>\n\n\n\n<p><a href=\"https:\/\/dieter-jenz.de\/lc\/verifikation-der-eis-hypothese-nahtoderfahrung\/\" target=\"_blank\" rel=\"noreferrer noopener\">Verifikation der EIS-Hypothese: Nahtoderfahrung<\/a><\/p>\n\n\n\n<p><a href=\"https:\/\/dieter-jenz.de\/lc\/verifikation-der-eis-hypothese-terminale-geistesklarheit\/\" target=\"_blank\" rel=\"noreferrer noopener\">Verifikation der EIS-Hypothese: Terminale Geistesklarheit<\/a><\/p>\n\n\n\n<p><a href=\"https:\/\/dieter-jenz.de\/lc\/verifikation-der-eis-hypothese-ungewoehnliche-erinnerungen\/\" target=\"_blank\" rel=\"noreferrer noopener\">Verifikation der EIS-Hypothese: Ungew\u00f6hnliche Erinnerungen<\/a><\/p>\n\n\n\n<p><a href=\"https:\/\/dieter-jenz.de\/lc\/das-gedaechtnis-bleibt-es-im-jenseits-erhalten\/\">Das Ged\u00e4chtnis \u2013 bleibt es im Jenseits erhalten?<\/a><\/p>\n\n\n\n<div class=\"wp-block-media-text alignwide is-stacked-on-mobile\" style=\"grid-template-columns:15% auto\"><figure class=\"wp-block-media-text__media\"><img loading=\"lazy\" decoding=\"async\" width=\"200\" height=\"200\" src=\"https:\/\/dieter-jenz.de\/lc\/wp-content\/uploads\/2022\/11\/Neu-200x200-1.jpg\" alt=\"\" class=\"wp-image-7710 size-full\" srcset=\"https:\/\/dieter-jenz.de\/lc\/wp-content\/uploads\/2022\/11\/Neu-200x200-1.jpg 200w, https:\/\/dieter-jenz.de\/lc\/wp-content\/uploads\/2022\/11\/Neu-200x200-1-150x150.jpg 150w\" sizes=\"(max-width: 200px) 100vw, 200px\" \/><\/figure><div class=\"wp-block-media-text__content\">\n<p><a href=\"https:\/\/dieter-jenz.de\/lc\/die-realitaet-das-individuelle-selbst-befindet-sich-nicht-im-gehirn\/\" target=\"_blank\" rel=\"noreferrer noopener\">Die Realit\u00e4t: Das individuelle Selbst befindet sich nicht im Gehirn<\/a><\/p>\n<\/div><\/div>\n\n\n\n<p class=\"has-buttons-text-color has-accent-background-color has-text-color has-background\"><strong>N\u00e4chster Beitrag<\/strong>, geplant: Thema noch offen<\/p>\n\n\n\n<h4 class=\"wp-block-heading\">Existenzprozesse in der Analyse<\/h4>\n\n\n\n<p>Elemente im Existenzprozess<\/p>\n\n\n\n<p><a href=\"https:\/\/dieter-jenz.de\/lc\/der-lineare-existenzprozess-wie-ist-er-vorstellbar\/\">Der lineare Existenzprozess \u2013 wie ist er vorstellbar?<\/a><\/p>\n\n\n\n<p><a href=\"https:\/\/dieter-jenz.de\/lc\/der-bestimmungsort-im-jenseits-wie-wird-er-gewaehlt\/\">Der Bestimmungsort im Jenseits &#8211; wie wird er gew\u00e4hlt?<\/a><\/p>\n\n\n\n<p><a href=\"https:\/\/dieter-jenz.de\/lc\/die-lebensbeurteilung-was-sind-die-massstaebe\/\">Die Lebensbeurteilung \u2013 was sind die Ma\u00dfst\u00e4be?<\/a><\/p>\n\n\n\n<p><a href=\"https:\/\/dieter-jenz.de\/lc\/wie-steht-es-um-die-persoenliche-verantwortlichkeit\/\">Wie steht es um die pers\u00f6nliche Verantwortlichkeit?<\/a><\/p>\n\n\n\n<p><a href=\"https:\/\/dieter-jenz.de\/lc\/gibt-es-ein-lebens-logbuch-als-lebensprotokoll\/\">Gibt es ein Lebens-Logbuch als Lebensprotokoll?<\/a><\/p>\n\n\n\n<p><a href=\"https:\/\/dieter-jenz.de\/lc\/vergebung-versoehnung-und-befreiung-im-jenseits\/\">Vergebung, Vers\u00f6hnung und Befreiung im Jenseits?<\/a><\/p>\n\n\n\n<p><a href=\"https:\/\/dieter-jenz.de\/lc\/der-zyklische-reinkarnationsprozess-wie-ist-er-vorstellbar\/\">Der zyklische Reinkarnationsprozess \u2013 wie ist er vorstellbar?<\/a><\/p>\n\n\n\n<p><a href=\"https:\/\/dieter-jenz.de\/lc\/reinkarnation-irrige-vorstellung-oder-plausibel\/\">Reinkarnation \u2013 Irrige Vorstellung oder plausibel?<\/a><\/p>\n\n\n\n<h4 class=\"wp-block-heading\">Vertiefende Fragen und Folgerungen<\/h4>\n\n\n\n<p><a href=\"https:\/\/dieter-jenz.de\/lc\/misslungener-suizidversuch-was-offenbaren-nahtoderfahrungen\/\">Misslungener Suizidversuch \u2013 was offenbaren Nahtoderfahrungen?<\/a><\/p>\n\n\n\n<p><a href=\"https:\/\/dieter-jenz.de\/lc\/suizid-und-die-folgen-was-offenbaren-nachtodkontakte\/\">Suizid und die Folgen \u2013 was offenbaren Nachtodkontakte?<\/a><\/p>\n\n\n\n<p><a href=\"https:\/\/dieter-jenz.de\/lc\/was-laesst-sich-ueber-einen-schoepfer-und-sein-wesen-erschliessen\/\" target=\"_blank\" rel=\"noreferrer noopener\">Was l\u00e4sst sich \u00fcber einen Sch\u00f6pfer und sein Wesen erschlie\u00dfen?<\/a><\/p>\n\n\n\n<p><a href=\"https:\/\/dieter-jenz.de\/lc\/gotteserfahrungen-wie-werden-sie-erlebt\/\" target=\"_blank\" rel=\"noreferrer noopener\">Gotteserfahrungen \u2013 Wie werden sie erlebt?<\/a><\/p>\n\n\n\n<p><a href=\"https:\/\/dieter-jenz.de\/lc\/wie-glaubwuerdig-sind-berichte-zu-transzendenzerfahrungen\/\">Wie glaubw\u00fcrdig sind Berichte zu Transzendenzerfahrungen?<\/a><\/p>\n\n\n\n<p><a href=\"https:\/\/dieter-jenz.de\/lc\/wie-glaubwuerdig-sind-schilderungen-unter-hypnose\/\" target=\"_blank\" rel=\"noreferrer noopener\">Wie glaubw\u00fcrdig sind Schilderungen unter Hypnose?<\/a><\/p>\n\n\n\n<p><a href=\"https:\/\/dieter-jenz.de\/lc\/heterogenitaet-der-transzendenzerfahrungen-ein-problem\/\" target=\"_blank\" rel=\"noreferrer noopener\">Heterogenit\u00e4t der Transzendenzerfahrungen &#8211; ein Problem?<\/a><\/p>\n\n\n\n<p><a href=\"https:\/\/dieter-jenz.de\/lc\/transzendenzerfahrungen-und-evolution-miteinander-vereinbar\/\" target=\"_blank\" rel=\"noreferrer noopener\">Transzendenzerfahrungen und Evolution \u2013 miteinander vereinbar?<\/a><\/p>\n\n\n\n<p><a href=\"https:\/\/dieter-jenz.de\/lc\/mangelnde-beweisbarkeit-was-sind-die-konsequenzen\/\" target=\"_blank\" rel=\"noreferrer noopener\">Mangelnde Beweisbarkeit \u2013 was sind die Konsequenzen?<\/a><\/p>\n\n\n\n<p><a href=\"https:\/\/dieter-jenz.de\/lc\/sind-lebenszeit-und-tod-vorbestimmt-erkenntnisse\/\">Sind Lebenszeit und Tod vorbestimmt? &#8211; was offenbaren Nahtoderfahrungen?<\/a><\/p>\n\n\n\n<p><a href=\"https:\/\/dieter-jenz.de\/lc\/nahtoderfahrungen-sterbebettvisionen-nachtodkontakte-zeitunabhaengig\/\">Sind Nahtoderfahrungen, Sterbebettvisionen und Nachtodkontakte zeitunabh\u00e4ngig?<\/a><\/p>\n\n\n\n<p><a href=\"https:\/\/dieter-jenz.de\/lc\/gibt-es-ein-leben-vor-dem-leben-praeexistenz\/\">Gibt es ein Leben vor dem Leben? &#8211; Die Frage der Pr\u00e4existenz<\/a><\/p>\n\n\n\n<p><a href=\"https:\/\/dieter-jenz.de\/lc\/kann-jeder-mensch-transzendenzerfahrungen-erleben\/\">Kann jeder Mensch Transzendenzerfahrungen erleben?<\/a><\/p>\n\n\n\n<h4 class=\"wp-block-heading\">Konsolidierung und beste plausible Erkl\u00e4rungen<\/h4>\n\n\n\n<p>Beitr\u00e4ge werden nicht auf dieser Web-Seite ver\u00f6ffentlicht, sondern bleiben einem Buch vorbehalten. Das Buch erscheint voraussichtlich im 2. Quartal 2025.<\/p>\n\n\n\n<p>Dar\u00fcber hinaus werden Inhalte auch in Form von Webinaren vorgestellt und diskutiert. Webinare sind ebenfalls f\u00fcr das 2. Quartal 2025 geplant.<\/p>\n\n\n\n<h4 class=\"wp-block-heading\">Lose Enden &#8211; Bestandsaufnahme<\/h4>\n\n\n\n<p>Bestandsaufnahme (vermeintlich) loser Enden<\/p>\n\n\n\n<h4 class=\"wp-block-heading\">Erkenntnisse und Konsequenzen<\/h4>\n\n\n\n<p>Die zehn wichtigsten Erkenntnisse<\/p>\n\n\n\n<p>Die drei wichtigsten Konsequenzen f\u00fcr das Leben im Diesseits<\/p>\n\n\n\n<h4 class=\"wp-block-heading\">Bewusst leben<\/h4>\n\n\n\n<p>Die Strategie des geringsten Risikos<\/p>\n\n\n\n<p>Positive Auswirkungen auf die Lebensqualit\u00e4t<\/p>\n\n\n\n<div style=\"height:20px\" aria-hidden=\"true\" class=\"wp-block-spacer\"><\/div>\n\n\n\n<p><a href=\"https:\/\/dieter-jenz.de\/lc\/ressourcen-wie-geht-es-nach-dem-tod-weiter\/\">Verwendete Ressourcen<\/a><\/p>\n\n\n\n<div style=\"height:20px\" aria-hidden=\"true\" class=\"wp-block-spacer\"><\/div>\n\n\n\n<p>Auf die Frage &#8222;Was geschieht mit mir, wenn ich sterbe?&#8220; wurden im Lauf der Jahrtausende schon viele Antworten gegeben. Ist nicht schon alles gesagt? Nein, aus meiner Sicht ist noch l\u00e4ngst nicht alles gesagt. Allzu oft fehlt mir bei bisher Gesagtem die stichhaltige Begr\u00fcndung. Was ich gefunden habe, erscheint mir wie ein Konzert von Antworten mit vielen Misskl\u00e4ngen. Manche Antworten, vor allem aus der \u201eEcke\u201c der Religionen und Weltanschauungen klingen geradezu abstrus, andere erscheinen durchaus plausibel.<\/p>\n\n\n\n<p>Wie gehe ich dabei vor? Beruflich habe ich mich lange Jahre mit Informatik besch\u00e4ftigt. Das hat mein Denken gepr\u00e4gt und gesch\u00e4rft. Das ist mein Ausgangspunkt. \u00dcber teilweise recht unkonventionelle Fragen, wie etwa: \u201eWie kommt die Seele in den K\u00f6rper?\u201c bahne ich mir den Weg zu schl\u00fcssigen Antworten.<\/p>\n\n\n\n<p>Schrittweise arbeite ich mich voran. (Vermeintliche) Widerspr\u00fcche, Inkonsistenzen und Implausibilit\u00e4ten notiere ich mir und bringe sie in die Queranalyse ein. Die Queranalyse beleuchtet die diversen Aspekte aus mehreren Blickwinkeln, beispielsweise den Blickwinkeln der Arch\u00e4ologie, der Arch\u00e4ogenetik usw. <\/p>\n\n\n\n<p>Die Erkenntnisse aus der Queranalyse formen ein Gesamtbild, das mit den Erkenntnissen aus der Wissenschaft vereinbar ist. Und es gibt eine Antwort auf die Frage, ob man sich vor dem Tod f\u00fcrchten muss.<\/p>\n","protected":false},"excerpt":{"rendered":"<p>Was geschieht mit mir, wenn ich sterbe?, Geht es weiter, wenn ich sterbe? &#8211; und wenn ja, wie?, Was erwartet mich? Um diese und \u00e4hnliche Fragen drehen sich&hellip;<\/p>\n","protected":false},"author":2,"featured_media":7029,"parent":0,"menu_order":0,"comment_status":"closed","ping_status":"closed","template":"template-full-width-only-content.php","meta":{"footnotes":""},"yoast_head":"<!-- This site is optimized with the Yoast SEO plugin v24.5 - https:\/\/yoast.com\/wordpress\/plugins\/seo\/ -->\n<title>Was geschieht mit mir, wenn ich sterbe? Eine existenzielle Frage?<\/title>\n<meta name=\"description\" content=\"Was geschieht mit mir wenn ich sterbe? Um diese Frage und \u201eGeht es weiter, wenn ich sterbe? - Und wenn ja, wie?\u201c Erfahren Sie mehr!\" \/>\n<meta name=\"robots\" content=\"index, follow, max-snippet:-1, max-image-preview:large, max-video-preview:-1\" \/>\n<link rel=\"canonical\" href=\"https:\/\/dieter-jenz.de\/lc\/was-geschieht-mit-mir-wenn-ich-sterbe\/\" \/>\n<meta property=\"og:locale\" content=\"de_DE\" \/>\n<meta property=\"og:type\" content=\"article\" \/>\n<meta property=\"og:title\" content=\"Was geschieht mit mir, wenn ich sterbe? Eine existenzielle Frage?\" \/>\n<meta property=\"og:description\" content=\"Was geschieht mit mir wenn ich sterbe? Um diese Frage und \u201eGeht es weiter, wenn ich sterbe? - Und wenn ja, wie?\u201c Erfahren Sie mehr!\" \/>\n<meta property=\"og:url\" content=\"https:\/\/dieter-jenz.de\/lc\/was-geschieht-mit-mir-wenn-ich-sterbe\/\" \/>\n<meta property=\"og:site_name\" content=\"Dieter Jenz, Begleitung und Coaching\" \/>\n<meta property=\"article:publisher\" content=\"https:\/\/www.facebook.com\/dieter.jenz.inspiration\" \/>\n<meta property=\"article:modified_time\" content=\"2025-03-11T13:45:14+00:00\" \/>\n<meta property=\"og:image\" content=\"https:\/\/dieter-jenz.de\/lc\/wp-content\/uploads\/2022\/03\/Beitragsbild-Was-geschieht-mit-mir-wenn-ich-sterbe.jpeg\" \/>\n\t<meta property=\"og:image:width\" content=\"800\" \/>\n\t<meta property=\"og:image:height\" content=\"800\" \/>\n\t<meta property=\"og:image:type\" content=\"image\/jpeg\" \/>\n<meta name=\"twitter:card\" content=\"summary_large_image\" \/>\n<meta name=\"twitter:site\" content=\"@dieterjenz\" \/>\n<meta name=\"twitter:label1\" content=\"Gesch\u00e4tzte Lesezeit\" \/>\n\t<meta name=\"twitter:data1\" content=\"6\u00a0Minuten\" \/>\n<script type=\"application\/ld+json\" class=\"yoast-schema-graph\">{\"@context\":\"https:\/\/schema.org\",\"@graph\":[{\"@type\":\"WebPage\",\"@id\":\"https:\/\/dieter-jenz.de\/lc\/was-geschieht-mit-mir-wenn-ich-sterbe\/\",\"url\":\"https:\/\/dieter-jenz.de\/lc\/was-geschieht-mit-mir-wenn-ich-sterbe\/\",\"name\":\"Was geschieht mit mir, wenn ich sterbe? Eine existenzielle Frage?\",\"isPartOf\":{\"@id\":\"https:\/\/dieter-jenz.de\/lc\/#website\"},\"primaryImageOfPage\":{\"@id\":\"https:\/\/dieter-jenz.de\/lc\/was-geschieht-mit-mir-wenn-ich-sterbe\/#primaryimage\"},\"image\":{\"@id\":\"https:\/\/dieter-jenz.de\/lc\/was-geschieht-mit-mir-wenn-ich-sterbe\/#primaryimage\"},\"thumbnailUrl\":\"https:\/\/dieter-jenz.de\/lc\/wp-content\/uploads\/2022\/03\/Beitragsbild-Was-geschieht-mit-mir-wenn-ich-sterbe.jpeg\",\"datePublished\":\"2022-03-30T09:40:19+00:00\",\"dateModified\":\"2025-03-11T13:45:14+00:00\",\"description\":\"Was geschieht mit mir wenn ich sterbe? Um diese Frage und \u201eGeht es weiter, wenn ich sterbe? - Und wenn ja, wie?\u201c Erfahren Sie mehr!\",\"breadcrumb\":{\"@id\":\"https:\/\/dieter-jenz.de\/lc\/was-geschieht-mit-mir-wenn-ich-sterbe\/#breadcrumb\"},\"inLanguage\":\"de\",\"potentialAction\":[{\"@type\":\"ReadAction\",\"target\":[\"https:\/\/dieter-jenz.de\/lc\/was-geschieht-mit-mir-wenn-ich-sterbe\/\"]}]},{\"@type\":\"ImageObject\",\"inLanguage\":\"de\",\"@id\":\"https:\/\/dieter-jenz.de\/lc\/was-geschieht-mit-mir-wenn-ich-sterbe\/#primaryimage\",\"url\":\"https:\/\/dieter-jenz.de\/lc\/wp-content\/uploads\/2022\/03\/Beitragsbild-Was-geschieht-mit-mir-wenn-ich-sterbe.jpeg\",\"contentUrl\":\"https:\/\/dieter-jenz.de\/lc\/wp-content\/uploads\/2022\/03\/Beitragsbild-Was-geschieht-mit-mir-wenn-ich-sterbe.jpeg\",\"width\":800,\"height\":800,\"caption\":\"Gestaltung: privat\"},{\"@type\":\"BreadcrumbList\",\"@id\":\"https:\/\/dieter-jenz.de\/lc\/was-geschieht-mit-mir-wenn-ich-sterbe\/#breadcrumb\",\"itemListElement\":[{\"@type\":\"ListItem\",\"position\":1,\"name\":\"Home\",\"item\":\"https:\/\/dieter-jenz.de\/lc\/\"},{\"@type\":\"ListItem\",\"position\":2,\"name\":\"Was geschieht mit mir, wenn ich sterbe? Eine existenzielle Frage?\"}]},{\"@type\":\"WebSite\",\"@id\":\"https:\/\/dieter-jenz.de\/lc\/#website\",\"url\":\"https:\/\/dieter-jenz.de\/lc\/\",\"name\":\"Dieter Jenz, Begleitung und Coaching\",\"description\":\"Die andere, neue Sichtweise entdecken - auftanken - neue Wege gehen\",\"publisher\":{\"@id\":\"https:\/\/dieter-jenz.de\/lc\/#\/schema\/person\/618cfd5c289d0a23930cb258a43679ab\"},\"potentialAction\":[{\"@type\":\"SearchAction\",\"target\":{\"@type\":\"EntryPoint\",\"urlTemplate\":\"https:\/\/dieter-jenz.de\/lc\/?s={search_term_string}\"},\"query-input\":{\"@type\":\"PropertyValueSpecification\",\"valueRequired\":true,\"valueName\":\"search_term_string\"}}],\"inLanguage\":\"de\"},{\"@type\":[\"Person\",\"Organization\"],\"@id\":\"https:\/\/dieter-jenz.de\/lc\/#\/schema\/person\/618cfd5c289d0a23930cb258a43679ab\",\"name\":\"Dieter Jenz\",\"image\":{\"@type\":\"ImageObject\",\"inLanguage\":\"de\",\"@id\":\"https:\/\/dieter-jenz.de\/lc\/#\/schema\/person\/image\/\",\"url\":\"https:\/\/dieter-jenz.de\/lc\/wp-content\/uploads\/2020\/01\/Logo-Coaching-und-Begleitung.png\",\"contentUrl\":\"https:\/\/dieter-jenz.de\/lc\/wp-content\/uploads\/2020\/01\/Logo-Coaching-und-Begleitung.png\",\"width\":320,\"height\":240,\"caption\":\"Dieter Jenz\"},\"logo\":{\"@id\":\"https:\/\/dieter-jenz.de\/lc\/#\/schema\/person\/image\/\"},\"description\":\"Ich bin Dieter Jenz, Begleiter, Berater und Coach mit Leidenschaft. \u00dcber viele Jahre hinweg habe ich einen reichen Schatz an Kompetenz und Erfahrung erworben. Meine Themen sind die \\\"4L\\\": Lebensaufgabe, Lebensplanung, Lebensnavigation und Lebensqualit\u00e4t.\",\"sameAs\":[\"https:\/\/www.facebook.com\/dieter.jenz.inspiration\",\"https:\/\/www.pinterest.de\/dieterjenz\/\",\"https:\/\/x.com\/https:\/\/twitter.com\/dieterjenz\"]}]}<\/script>\n<!-- \/ Yoast SEO plugin. -->","yoast_head_json":{"title":"Was geschieht mit mir, wenn ich sterbe? Eine existenzielle Frage?","description":"Was geschieht mit mir wenn ich sterbe? Um diese Frage und \u201eGeht es weiter, wenn ich sterbe? - Und wenn ja, wie?\u201c Erfahren Sie mehr!","robots":{"index":"index","follow":"follow","max-snippet":"max-snippet:-1","max-image-preview":"max-image-preview:large","max-video-preview":"max-video-preview:-1"},"canonical":"https:\/\/dieter-jenz.de\/lc\/was-geschieht-mit-mir-wenn-ich-sterbe\/","og_locale":"de_DE","og_type":"article","og_title":"Was geschieht mit mir, wenn ich sterbe? Eine existenzielle Frage?","og_description":"Was geschieht mit mir wenn ich sterbe? Um diese Frage und \u201eGeht es weiter, wenn ich sterbe? - Und wenn ja, wie?\u201c Erfahren Sie mehr!","og_url":"https:\/\/dieter-jenz.de\/lc\/was-geschieht-mit-mir-wenn-ich-sterbe\/","og_site_name":"Dieter Jenz, Begleitung und Coaching","article_publisher":"https:\/\/www.facebook.com\/dieter.jenz.inspiration","article_modified_time":"2025-03-11T13:45:14+00:00","og_image":[{"width":800,"height":800,"url":"https:\/\/dieter-jenz.de\/lc\/wp-content\/uploads\/2022\/03\/Beitragsbild-Was-geschieht-mit-mir-wenn-ich-sterbe.jpeg","type":"image\/jpeg"}],"twitter_card":"summary_large_image","twitter_site":"@dieterjenz","twitter_misc":{"Gesch\u00e4tzte Lesezeit":"6\u00a0Minuten"},"schema":{"@context":"https:\/\/schema.org","@graph":[{"@type":"WebPage","@id":"https:\/\/dieter-jenz.de\/lc\/was-geschieht-mit-mir-wenn-ich-sterbe\/","url":"https:\/\/dieter-jenz.de\/lc\/was-geschieht-mit-mir-wenn-ich-sterbe\/","name":"Was geschieht mit mir, wenn ich sterbe? Eine existenzielle Frage?","isPartOf":{"@id":"https:\/\/dieter-jenz.de\/lc\/#website"},"primaryImageOfPage":{"@id":"https:\/\/dieter-jenz.de\/lc\/was-geschieht-mit-mir-wenn-ich-sterbe\/#primaryimage"},"image":{"@id":"https:\/\/dieter-jenz.de\/lc\/was-geschieht-mit-mir-wenn-ich-sterbe\/#primaryimage"},"thumbnailUrl":"https:\/\/dieter-jenz.de\/lc\/wp-content\/uploads\/2022\/03\/Beitragsbild-Was-geschieht-mit-mir-wenn-ich-sterbe.jpeg","datePublished":"2022-03-30T09:40:19+00:00","dateModified":"2025-03-11T13:45:14+00:00","description":"Was geschieht mit mir wenn ich sterbe? Um diese Frage und \u201eGeht es weiter, wenn ich sterbe? - Und wenn ja, wie?\u201c Erfahren Sie mehr!","breadcrumb":{"@id":"https:\/\/dieter-jenz.de\/lc\/was-geschieht-mit-mir-wenn-ich-sterbe\/#breadcrumb"},"inLanguage":"de","potentialAction":[{"@type":"ReadAction","target":["https:\/\/dieter-jenz.de\/lc\/was-geschieht-mit-mir-wenn-ich-sterbe\/"]}]},{"@type":"ImageObject","inLanguage":"de","@id":"https:\/\/dieter-jenz.de\/lc\/was-geschieht-mit-mir-wenn-ich-sterbe\/#primaryimage","url":"https:\/\/dieter-jenz.de\/lc\/wp-content\/uploads\/2022\/03\/Beitragsbild-Was-geschieht-mit-mir-wenn-ich-sterbe.jpeg","contentUrl":"https:\/\/dieter-jenz.de\/lc\/wp-content\/uploads\/2022\/03\/Beitragsbild-Was-geschieht-mit-mir-wenn-ich-sterbe.jpeg","width":800,"height":800,"caption":"Gestaltung: privat"},{"@type":"BreadcrumbList","@id":"https:\/\/dieter-jenz.de\/lc\/was-geschieht-mit-mir-wenn-ich-sterbe\/#breadcrumb","itemListElement":[{"@type":"ListItem","position":1,"name":"Home","item":"https:\/\/dieter-jenz.de\/lc\/"},{"@type":"ListItem","position":2,"name":"Was geschieht mit mir, wenn ich sterbe? Eine existenzielle Frage?"}]},{"@type":"WebSite","@id":"https:\/\/dieter-jenz.de\/lc\/#website","url":"https:\/\/dieter-jenz.de\/lc\/","name":"Dieter Jenz, Begleitung und Coaching","description":"Die andere, neue Sichtweise entdecken - auftanken - neue Wege gehen","publisher":{"@id":"https:\/\/dieter-jenz.de\/lc\/#\/schema\/person\/618cfd5c289d0a23930cb258a43679ab"},"potentialAction":[{"@type":"SearchAction","target":{"@type":"EntryPoint","urlTemplate":"https:\/\/dieter-jenz.de\/lc\/?s={search_term_string}"},"query-input":{"@type":"PropertyValueSpecification","valueRequired":true,"valueName":"search_term_string"}}],"inLanguage":"de"},{"@type":["Person","Organization"],"@id":"https:\/\/dieter-jenz.de\/lc\/#\/schema\/person\/618cfd5c289d0a23930cb258a43679ab","name":"Dieter Jenz","image":{"@type":"ImageObject","inLanguage":"de","@id":"https:\/\/dieter-jenz.de\/lc\/#\/schema\/person\/image\/","url":"https:\/\/dieter-jenz.de\/lc\/wp-content\/uploads\/2020\/01\/Logo-Coaching-und-Begleitung.png","contentUrl":"https:\/\/dieter-jenz.de\/lc\/wp-content\/uploads\/2020\/01\/Logo-Coaching-und-Begleitung.png","width":320,"height":240,"caption":"Dieter Jenz"},"logo":{"@id":"https:\/\/dieter-jenz.de\/lc\/#\/schema\/person\/image\/"},"description":"Ich bin Dieter Jenz, Begleiter, Berater und Coach mit Leidenschaft. \u00dcber viele Jahre hinweg habe ich einen reichen Schatz an Kompetenz und Erfahrung erworben. Meine Themen sind die \"4L\": Lebensaufgabe, Lebensplanung, Lebensnavigation und Lebensqualit\u00e4t.","sameAs":["https:\/\/www.facebook.com\/dieter.jenz.inspiration","https:\/\/www.pinterest.de\/dieterjenz\/","https:\/\/x.com\/https:\/\/twitter.com\/dieterjenz"]}]}},"_links":{"self":[{"href":"https:\/\/dieter-jenz.de\/lc\/wp-json\/wp\/v2\/pages\/7026"}],"collection":[{"href":"https:\/\/dieter-jenz.de\/lc\/wp-json\/wp\/v2\/pages"}],"about":[{"href":"https:\/\/dieter-jenz.de\/lc\/wp-json\/wp\/v2\/types\/page"}],"author":[{"embeddable":true,"href":"https:\/\/dieter-jenz.de\/lc\/wp-json\/wp\/v2\/users\/2"}],"replies":[{"embeddable":true,"href":"https:\/\/dieter-jenz.de\/lc\/wp-json\/wp\/v2\/comments?post=7026"}],"version-history":[{"count":35,"href":"https:\/\/dieter-jenz.de\/lc\/wp-json\/wp\/v2\/pages\/7026\/revisions"}],"predecessor-version":[{"id":12869,"href":"https:\/\/dieter-jenz.de\/lc\/wp-json\/wp\/v2\/pages\/7026\/revisions\/12869"}],"wp:featuredmedia":[{"embeddable":true,"href":"https:\/\/dieter-jenz.de\/lc\/wp-json\/wp\/v2\/media\/7029"}],"wp:attachment":[{"href":"https:\/\/dieter-jenz.de\/lc\/wp-json\/wp\/v2\/media?parent=7026"}],"curies":[{"name":"wp","href":"https:\/\/api.w.org\/{rel}","templated":true}]}}